{"id":6454,"date":"2020-05-07T21:54:12","date_gmt":"2020-05-07T19:54:12","guid":{"rendered":"https:\/\/biomimicry.eu\/forets\/?page_id=6454"},"modified":"2020-12-17T19:55:38","modified_gmt":"2020-12-17T18:55:38","slug":"haiti-espanol","status":"publish","type":"page","link":"https:\/\/biomimicry.eu\/forets\/es\/haiti-espanol\/","title":{"rendered":"Hait\u00ed &#8211; Espa\u00f1ol"},"content":{"rendered":"\n<section class=\"wp-block-uagb-section uagb-section__wrap uagb-section__background-image uagb-block-200a08b7\"><div class=\"uagb-section__overlay\"><\/div><div class=\"uagb-section__inner-wrap\">\n<section class=\"wp-block-uagb-columns uagb-columns__wrap uagb-columns__background-none uagb-columns__stack-tablet uagb-columns__valign-center uagb-columns__gap-0 alignundefined uagb-columns__reverse-tablet uagb-columns__reverse-mobile uagb-block-1207c288\"><div class=\"uagb-columns__overlay\"><\/div><div class=\"uagb-columns__inner-wrap uagb-columns__columns-2\">\n<div class=\"wp-block-uagb-column uagb-column__wrap uagb-column__background-none uagb-block-930ed358\"><div class=\"uagb-column__overlay\"><\/div><div class=\"uagb-column__inner-wrap\"><\/div><\/div>\n\n\n\n<div class=\"wp-block-uagb-column uagb-column__wrap uagb-column__background-color uagb-block-0adb9ad6\"><div class=\"uagb-column__overlay\"><\/div><div class=\"uagb-column__inner-wrap\">\n<div class=\"wp-block-uagb-info-box uagb-infobox__outer-wrap uagb-block-c13ef524\"><div class=\"uagb-infobox__content-wrap uagb-infobox uagb-infobox-has-icon uagb-infobox-icon-above-title uagb-infobox-image-valign-top uagb-infobox-enable-border-radius \"><div class=\"uagb-ifb-left-right-wrap\"><div class=\"uagb-ifb-content\"><div class=\"uagb-ifb-title-wrap\"><h1 class=\"uagb-ifb-title\">&#8220;Solo los campesinos de un pa\u00eds pueden modificar duraderamente sus paisajes.&#8221;<\/h1><\/div><div class=\"uagb-ifb-text-wrap\"><p class=\"uagb-ifb-desc\">Nos basamos en dos conceptos: &#8220;solo los campesinos de un pa\u00eds pueden cambiar duraderamente sus paisajes.&#8221; (proyecto <em>Pyebwa<\/em>, Hait\u00ed, 1980-90) y, por otra parte, que los campesinos del mundo entero siembran y cuidan sobre todo los \u00e1rboles que los alimentan o ayudan.<\/p><\/div><\/div><\/div><\/div><\/div>\n\n\n\n<p><\/p>\n<\/div><\/div>\n<\/div><\/section>\n<\/div><\/section>\n\n\n\n<p><\/p>\n\n\n\n<section class=\"wp-block-uagb-section uagb-section__wrap uagb-section__background-color uagb-block-c0c31db0\"><div class=\"uagb-section__overlay\"><\/div><div class=\"uagb-section__inner-wrap\">\n<h2>El proyecto <em>Chokogou<\/em><\/h2>\n\n\n\n<section class=\"wp-block-uagb-columns uagb-columns__wrap uagb-columns__background-undefined uagb-columns__stack-mobile uagb-columns__valign-undefined uagb-columns__gap-20 alignundefined uagb-block-202ec875\"><div class=\"uagb-columns__overlay\"><\/div><div class=\"uagb-columns__inner-wrap uagb-columns__columns-2\">\n<div class=\"wp-block-uagb-column uagb-column__wrap uagb-column__background-undefined uagb-block-423a7649\"><div class=\"uagb-column__overlay\"><\/div><div class=\"uagb-column__inner-wrap\">\n<p><strong>Desde 2011, el proyecto Chokogou est\u00e1 enfocado hacia la siembra de &#8220;<a rel=\"noreferrer noopener\" href=\"https:\/\/es.wikipedia.org\/wiki\/Brosimum_alicastrum\" target=\"_blank\">nogal maya<\/a>&#8221; (<em>Brosimum alicastrum<\/em>), un \u00e1rbol frutal &#8220;oxal\u00f3geno&#8221; (almacena carbono en el suelo bajo forma calc\u00e1rea durante decenas de miles de a\u00f1os). Trabajamos con las agrupaciones campesinas y las granjas agroforestales para a\u00f1adir \u00e1rboles en todos los lugares posibles. Junto con las familas haitianas, tratamos de hacer re-vivir los jardines &#8220;lakou&#8221;, peque\u00f1os jardines alimentarios tradicionales alrededor de las moradas.<\/strong><\/p>\n\n\n\n<p>Adem\u00e1s de sus capacidades oxal\u00f3genas y de sus numerosas cualidades (resistencia a la sequ\u00eda, forraje aumentando la lactancia del ganado, etc.), las nueces son las que hacen del nogal maya un \u00e1rbol particularmente bien adaptado al contexto haitiano.<\/p>\n\n\n\n<p>As\u00ed, esas nueces son sumamente nutritivas y adaptadas a las costumbres alimentarias caribe\u00f1as. De hecho, deben su nombre criollo &#8220;chokogou&#8221; a su sabor entre caf\u00e9 y chocolate. Adem\u00e1s, contrariamente a los mangos, aguacates y otras frutas corrientes de Hait\u00ed, esas nueces se conservan f\u00e1cilmente (se secan y luego se muelen y\/o se torran). As\u00ed pueden favorecer la autonom\u00eda alimentaria a lo largo del a\u00f1o, cuando otras frutas solo se consumen frescas en plazos cortos.<\/p>\n\n\n\n<p>Desde el inicio del proyecto, se sembraron m\u00e1s de 300 000 \u00e1rboles en Hait\u00ed (70% de nogales mayas y 30% de otras especies), y se sensibilizaron m\u00e1s de 20 000 personas a los beneficios de los \u00e1rboles y a la cocina con base de nueces mayas (tortillas, bebidas&#8230;).<\/p>\n<\/div><\/div>\n\n\n\n<div class=\"wp-block-uagb-column uagb-column__wrap uagb-column__background-undefined uagb-block-a8144eab\"><div class=\"uagb-column__overlay\"><\/div><div class=\"uagb-column__inner-wrap\">\n<p>Para resumir, sembramos juntos docenas de miles de \u00e1rboles que producir\u00e1n alimento con poca lluvia, por cientos de a\u00f1os en el futuro, en los jardines, los setos y los campos de las familias rurales de Hait\u00ed.<\/p>\n\n\n\n<figure class=\"wp-block-image size-full\"><img loading=\"lazy\" width=\"1000\" height=\"750\" src=\"https:\/\/biomimicry.eu\/forets\/wp-content\/uploads\/2020\/06\/CarteItineraire-sansfleche_SD-1.jpg\" alt=\"\" class=\"wp-image-5416\" srcset=\"https:\/\/biomimicry.eu\/forets\/wp-content\/uploads\/2020\/06\/CarteItineraire-sansfleche_SD-1.jpg 1000w, https:\/\/biomimicry.eu\/forets\/wp-content\/uploads\/2020\/06\/CarteItineraire-sansfleche_SD-1-300x225.jpg 300w, https:\/\/biomimicry.eu\/forets\/wp-content\/uploads\/2020\/06\/CarteItineraire-sansfleche_SD-1-768x576.jpg 768w, https:\/\/biomimicry.eu\/forets\/wp-content\/uploads\/2020\/06\/CarteItineraire-sansfleche_SD-1-600x450.jpg 600w\" sizes=\"(max-width: 1000px) 100vw, 1000px\" \/><figcaption> <span class=\"has-inline-color has-cyan-bluish-gray-color\"><em>Mapa de las principales localidades donde nuestros socios siembran \u00e1rboles<\/em><\/span><\/figcaption><\/figure>\n<\/div><\/div>\n<\/div><\/section>\n\n\n\n<h2>Contexto social &amp; ambiental<\/h2>\n\n\n\n<section class=\"wp-block-uagb-columns uagb-columns__wrap uagb-columns__background-undefined uagb-columns__stack-mobile uagb-columns__valign-undefined uagb-columns__gap-20 alignundefined uagb-block-7c75eec5\"><div class=\"uagb-columns__overlay\"><\/div><div class=\"uagb-columns__inner-wrap uagb-columns__columns-2\">\n<div class=\"wp-block-uagb-column uagb-column__wrap uagb-column__background-undefined uagb-block-a58a63c5\"><div class=\"uagb-column__overlay\"><\/div><div class=\"uagb-column__inner-wrap\">\n<p>Hait\u00ed comparte la isla La Espa\u00f1ola con Rep\u00fablica dominicana, en las Antillas mayores.<\/p>\n\n\n\n<p>Es uno de los pa\u00edses m\u00e1s vulnerables frente al cambio clim\u00e1tico y, por su ubicaci\u00f3n geogr\u00e1fica, se encuentra en la intersecci\u00f3n de placas tect\u00f3nicas y en la trayectoria de los ciclones. Est\u00e1 particularmente expuesto a desastres naturales, como lo demostraron el sismo de 2010 y, m\u00e1s recientemente, el hurac\u00e1n Matthew en 2016.<\/p>\n\n\n\n<p>En Hait\u00ed, el pa\u00eds m\u00e1s pobre del hemisferio norte, el Estado tiene dificultades para ofrecer los servicios b\u00e1sicos (educaci\u00f3n, salud, infraestructuras) a su poblaci\u00f3n de 11 millones de habitantes, de los cuales m\u00e1s de 6 millones, viven bajo el nivel de pobreza (menos de $2,4 d\u00f3lares diarios, seg\u00fan el <a rel=\"noreferrer noopener\" href=\"https:\/\/datos.bancomundial.org\/pais\/haiti\" target=\"_blank\">Banco Mundial<\/a>). La divisa nacional, el gourde, sigue devalu\u00e1ndose, lo cual contribuye a una inflaci\u00f3n de dos d\u00edgitos que <a rel=\"noreferrer noopener\" href=\"http:\/\/lenational.org\/post_free.php?elif=1_CONTENUE\/economies&amp;rebmun=2201\" target=\"_blank\">super\u00f3 el 17%<\/a> en mayo de 2019, seg\u00fan el Instituto haitiano de estad\u00edsticas e inform\u00e1tica (IHSI).<\/p>\n\n\n\n<p><\/p>\n<\/div><\/div>\n\n\n\n<div class=\"wp-block-uagb-column uagb-column__wrap uagb-column__background-undefined uagb-block-5a17ebd5\"><div class=\"uagb-column__overlay\"><\/div><div class=\"uagb-column__inner-wrap\">\n<p>Hait\u00ed es tambi\u00e9n un pa\u00eds duramente afectado por la deforestaci\u00f3n, de hecho se suele mencionar como el pa\u00eds m\u00e1s deforestado del mundo con apenas 2% de su territorio cubierto por \u00e1rboles (aunque investigaciones satelitales recientes refutan ese porcentaje).<\/p>\n\n\n\n<p>Gran parte de los problemas ambientales cr\u00f3nicos de Hait\u00ed est\u00e1n fuertemente vinculados a la deforestaci\u00f3n extrema del pa\u00eds: erosi\u00f3n y degradaci\u00f3n de los suelos, clima cada vez m\u00e1s seco, desaparici\u00f3n de las fuentes y de los r\u00edos, malnutrici\u00f3n cr\u00f3nica de las poblaciones especialmente en las zonas rurales, producci\u00f3n agr\u00edcola local insuficiente para cumplir con las necesidades alimentarias b\u00e1sicas, etc.<\/p>\n\n\n\n<p>Las soluciones posibles se basan en parte en la reconstrucci\u00f3n de la soberan\u00eda alimentaria familiar, la cual depende de la instalaci\u00f3n de jardines y peque\u00f1as \u00e1reas de cultivos alimentarios protegidos y complementados por \u00e1rboles. Estas iniciativas se pueden concretar en setos vivos, en bosques peque\u00f1os y en los campos, en aplicaci\u00f3n de los principios agroforestales y de permacultura.<\/p>\n<\/div><\/div>\n<\/div><\/section>\n<\/div><\/section>\n\n\n\n<section class=\"wp-block-uagb-section uagb-section__wrap uagb-section__background-undefined uagb-block-a62274fc\"><div class=\"uagb-section__overlay\"><\/div><div class=\"uagb-section__inner-wrap\">\n<h2>Socios del terreno<\/h2>\n\n\n\n<div class=\"wp-block-uagb-faq uagb-faq__outer-wrap uagb-block-12523ab7 uagb-faq-icon-row uagb-faq-layout-accordion uagb-faq-expand-first-false uagb-faq-inactive-other-true uagb-faq-equal-height\" data-faqtoggle=\"true\"><div class=\"uagb-faq__wrap uagb-buttons-layout-wrap\">\n<div class=\"wp-block-uagb-faq-child uagb-faq-child__outer-wrap uagb-block-2f0feb45\"><div class=\"uagb-faq-child__wrapper\"><div class=\"uagb-faq-item\" role=\"tab\" tabindex=\"0\"><div class=\"uagb-faq-questions-button uagb-faq-questions\"><span class=\"uagb-icon uagb-faq-icon-wrap\"><svg xmlns=\"http:\/\/www.w3.org\/2000\/svg\" viewbox=\"0 0 448 512\"><path d=\"M416 208H272V64c0-17.67-14.33-32-32-32h-32c-17.67 0-32 14.33-32 32v144H32c-17.67 0-32 14.33-32 32v32c0 17.67 14.33 32 32 32h144v144c0 17.67 14.33 32 32 32h32c17.67 0 32-14.33 32-32V304h144c17.67 0 32-14.33 32-32v-32c0-17.67-14.33-32-32-32z\"><\/path><\/svg><\/span><span class=\"uagb-icon-active uagb-faq-icon-wrap\"><svg xmlns=\"http:\/\/www.w3.org\/2000\/svg\" viewbox=\"0 0 448 512\"><path d=\"M416 208H32c-17.67 0-32 14.33-32 32v32c0 17.67 14.33 32 32 32h384c17.67 0 32-14.33 32-32v-32c0-17.67-14.33-32-32-32z\"><\/path><\/svg><\/span><span class=\"uagb-question\">Jean Arnaud &amp; la organizaci\u00f3n EDGE<\/span><\/div><div class=\"uagb-faq-content\"><span><p>Encabezada por Jean Arnaud, permacultor consumado de origen haitiano y estadounidense, cuyo sue\u00f1o es restablecer el atractivo de su isla por el medio de la agricultura org\u00e1nica, cadenas de distribuci\u00f3n cortas, circuitos de transformaci\u00f3n locales y financieramente resilientes. \u00bfPara qui\u00e9n? Para los j\u00f3venes Haitianos quienes hoy en d\u00eda sue\u00f1an con irse del pa\u00eds para ganarse la vida en otro lugar.<br>EDGE re\u00fane varias iniciativas, vinculadas entre ellas, con sede principalmente en la regi\u00f3n de Cabo Haitiano en el norte de la isla: creaci\u00f3n de peque\u00f1os viveros comunitarios, programas comunes y alentadores apuntando a que los viveros tengan un buen rendimiento y se mantengan activos durante todo el a\u00f1o (concursos amistosos entre viveros, visitas de los oficiales de la red para intercambiar informaci\u00f3n, etc), transformaci\u00f3n de los productos provenientes de los \u00e1rboles para abrir posibilidades que tengan otro fundamento que la agricultura de temporada, formaci\u00f3n de los oficiales de la red, microcr\u00e9dito, etc.<br>En la actualidad, EDGE presenta avances s\u00f3lidos hacia el cumplimiento de plantaciones eficientes, por lo cual var\u00eda las especies (Moringa, Nogal maya, limoneros diversos, etc).<\/p><\/span><\/div><\/div><\/div><\/div>\n\n\n\n<div class=\"wp-block-uagb-faq-child uagb-faq-child__outer-wrap uagb-block-8b32213d\"><div class=\"uagb-faq-child__wrapper\"><div class=\"uagb-faq-item\" role=\"tab\" tabindex=\"0\"><div class=\"uagb-faq-questions-button uagb-faq-questions\"><span class=\"uagb-icon uagb-faq-icon-wrap\"><svg xmlns=\"http:\/\/www.w3.org\/2000\/svg\" viewbox=\"0 0 448 512\"><path d=\"M416 208H272V64c0-17.67-14.33-32-32-32h-32c-17.67 0-32 14.33-32 32v144H32c-17.67 0-32 14.33-32 32v32c0 17.67 14.33 32 32 32h144v144c0 17.67 14.33 32 32 32h32c17.67 0 32-14.33 32-32V304h144c17.67 0 32-14.33 32-32v-32c0-17.67-14.33-32-32-32z\"><\/path><\/svg><\/span><span class=\"uagb-icon-active uagb-faq-icon-wrap\"><svg xmlns=\"http:\/\/www.w3.org\/2000\/svg\" viewbox=\"0 0 448 512\"><path d=\"M416 208H32c-17.67 0-32 14.33-32 32v32c0 17.67 14.33 32 32 32h384c17.67 0 32-14.33 32-32v-32c0-17.67-14.33-32-32-32z\"><\/path><\/svg><\/span><span class=\"uagb-question\">Nadine Dominique &amp; la granja OPAPAM<\/span><\/div><div class=\"uagb-faq-content\"><span><p>La granja de Nadine Dominique, hija del hist\u00f3rico fundador de la radio libre m\u00e1s importante de Hait\u00ed, Jean Dominique, est\u00e1 ubicada en las alturas de Jacmel, en la costa sur de la isla. Apunta a convertirse en un centro de ejemplos aplicados en permacultura, un centro de formaci\u00f3n para todas la t\u00e9cnicas que quisi\u00e9ramos experimentar en el marco del programa Arbres Sauveurs y, por supuesto, un vivero modelo que permitir\u00eda distribuir los nogales mayas a partir de esta granja hacia toda la regi\u00f3n de la costa sur de la isla.<br><br>Nuestra relaci\u00f3n con Nadine nos permite tambi\u00e9n considerar la recepci\u00f3n de practicantes y voluntarios en el terreno, as\u00ed como la investigaci\u00f3n experimental sobre los efectos de los \u00e1rboles oxal\u00f3genos en los suelos haitianos.<\/p><\/span><\/div><\/div><\/div><\/div>\n\n\n\n<div class=\"wp-block-uagb-faq-child uagb-faq-child__outer-wrap uagb-block-1df122e4\"><div class=\"uagb-faq-child__wrapper\"><div class=\"uagb-faq-item\" role=\"tab\" tabindex=\"0\"><div class=\"uagb-faq-questions-button uagb-faq-questions\"><span class=\"uagb-icon uagb-faq-icon-wrap\"><svg xmlns=\"http:\/\/www.w3.org\/2000\/svg\" viewbox=\"0 0 448 512\"><path d=\"M416 208H272V64c0-17.67-14.33-32-32-32h-32c-17.67 0-32 14.33-32 32v144H32c-17.67 0-32 14.33-32 32v32c0 17.67 14.33 32 32 32h144v144c0 17.67 14.33 32 32 32h32c17.67 0 32-14.33 32-32V304h144c17.67 0 32-14.33 32-32v-32c0-17.67-14.33-32-32-32z\"><\/path><\/svg><\/span><span class=\"uagb-icon-active uagb-faq-icon-wrap\"><svg xmlns=\"http:\/\/www.w3.org\/2000\/svg\" viewbox=\"0 0 448 512\"><path d=\"M416 208H32c-17.67 0-32 14.33-32 32v32c0 17.67 14.33 32 32 32h384c17.67 0 32-14.33 32-32v-32c0-17.67-14.33-32-32-32z\"><\/path><\/svg><\/span><span class=\"uagb-question\">Edex Paul &amp; CFEDEC<\/span><\/div><div class=\"uagb-faq-content\"><span><p>El CFEDEC (Centro de formaci\u00f3n para la solidaridad y el desarrollo comunitario), y su fundador Edex PAUL, ocupan una posici\u00f3n central en una red de 4 agrupaciones campesinas en el altiplano central haitiano: la agrupaci\u00f3n campesina de la municipalidad de La Victoire (Laviktwa en criollo, 500 miembros), OPAB (Bahon, 500 miembros), MRP (Ranquitte, 4500 miembros) y OPBSR (Saint-Rapha\u00ebl, Noreste, varios miles de miembros).<br><br>El CFEDEC se encarga tambi\u00e9n del v\u00ednculo con la ONG local &#8220;Zanmi Agrikol&#8221;, la cual posee un gran centro de formaci\u00f3n e investigaci\u00f3n agr\u00edcola en Corporant, en el sur del altiplano central. Hasta hoy, este centro y la organizaci\u00f3n que lo administra representan un potencial importante para el futuro.<\/p><\/span><\/div><\/div><\/div><\/div>\n\n\n\n<div class=\"wp-block-uagb-faq-child uagb-faq-child__outer-wrap uagb-block-c8f656ae\"><div class=\"uagb-faq-child__wrapper\"><div class=\"uagb-faq-item\" role=\"tab\" tabindex=\"0\"><div class=\"uagb-faq-questions-button uagb-faq-questions\"><span class=\"uagb-icon uagb-faq-icon-wrap\"><svg xmlns=\"http:\/\/www.w3.org\/2000\/svg\" viewbox=\"0 0 448 512\"><path d=\"M416 208H272V64c0-17.67-14.33-32-32-32h-32c-17.67 0-32 14.33-32 32v144H32c-17.67 0-32 14.33-32 32v32c0 17.67 14.33 32 32 32h144v144c0 17.67 14.33 32 32 32h32c17.67 0 32-14.33 32-32V304h144c17.67 0 32-14.33 32-32v-32c0-17.67-14.33-32-32-32z\"><\/path><\/svg><\/span><span class=\"uagb-icon-active uagb-faq-icon-wrap\"><svg xmlns=\"http:\/\/www.w3.org\/2000\/svg\" viewbox=\"0 0 448 512\"><path d=\"M416 208H32c-17.67 0-32 14.33-32 32v32c0 17.67 14.33 32 32 32h384c17.67 0 32-14.33 32-32v-32c0-17.67-14.33-32-32-32z\"><\/path><\/svg><\/span><span class=\"uagb-question\">Hebert Pierre et OPASCAR (ex socio)<\/span><\/div><div class=\"uagb-faq-content\"><span><p>Del 2011 al 2018, cooperamos con OPASCAR, una agrupaci\u00f3n campesina de la regi\u00f3n de Source Chaude (noroeste de la isla), y con su fundador Hebert PIERRE. Se apoyaron varios viveros y se repartieron\/sembraron varios lotes de \u00e1rboles en esa regi\u00f3n duramente afectada por la sequ\u00eda y la falta de recursos.<\/p><\/span><\/div><\/div><\/div><\/div>\n\n\n\n<div class=\"wp-block-uagb-faq-child uagb-faq-child__outer-wrap uagb-block-0697cbd4\"><div class=\"uagb-faq-child__wrapper\"><div class=\"uagb-faq-item\" role=\"tab\" tabindex=\"0\"><div class=\"uagb-faq-questions-button uagb-faq-questions\"><span class=\"uagb-icon uagb-faq-icon-wrap\"><svg xmlns=\"http:\/\/www.w3.org\/2000\/svg\" viewbox=\"0 0 448 512\"><path d=\"M416 208H272V64c0-17.67-14.33-32-32-32h-32c-17.67 0-32 14.33-32 32v144H32c-17.67 0-32 14.33-32 32v32c0 17.67 14.33 32 32 32h144v144c0 17.67 14.33 32 32 32h32c17.67 0 32-14.33 32-32V304h144c17.67 0 32-14.33 32-32v-32c0-17.67-14.33-32-32-32z\"><\/path><\/svg><\/span><span class=\"uagb-icon-active uagb-faq-icon-wrap\"><svg xmlns=\"http:\/\/www.w3.org\/2000\/svg\" viewbox=\"0 0 448 512\"><path d=\"M416 208H32c-17.67 0-32 14.33-32 32v32c0 17.67 14.33 32 32 32h384c17.67 0 32-14.33 32-32v-32c0-17.67-14.33-32-32-32z\"><\/path><\/svg><\/span><span class=\"uagb-question\">Sadhana Forest Ha\u00efti (ex socio)<\/span><\/div><div class=\"uagb-faq-content\"><span><p>Del 2011 al 2018, cooperamos con Sadhana Forest en Ansapit, en el sureste de la isla, para financiar un vivero de mayor capacidad (el m\u00e1s grande de nuestra red), pozos y formaciones para la siembra de nogales mayas en la regi\u00f3n.<br>Hoy seguimos cooperando: nosotros aportamos semillas y el equipo permanente de voluntarios de Sadhana Forest administra la repartici\u00f3n de los plantones.<\/p><\/span><\/div><\/div><\/div><\/div>\n<\/div><\/div>\n\n\n\n<p><\/p>\n<\/div><\/section>\n\n\n\n<section class=\"wp-block-uagb-section uagb-section__wrap uagb-section__background-color uagb-block-765a03b9\"><div class=\"uagb-section__overlay\"><\/div><div class=\"uagb-section__inner-wrap\">\n<h2>Algunas im\u00e1genes<\/h2>\n\n\n\n<figure class=\"wp-block-gallery columns-3 is-cropped\"><ul class=\"blocks-gallery-grid\"><li class=\"blocks-gallery-item\"><figure><img loading=\"lazy\" width=\"1024\" height=\"683\" src=\"https:\/\/biomimicry.eu\/forets\/wp-content\/uploads\/2020\/05\/Pepiniere-La-Victoire-2-1024x683.jpg\" alt=\"\" data-id=\"5250\" data-full-url=\"https:\/\/biomimicry.eu\/forets\/wp-content\/uploads\/2020\/05\/Pepiniere-La-Victoire-2.jpg\" data-link=\"https:\/\/biomimicry.eu\/forets\/le-programme\/pepiniere-la-victoire-2\/\" class=\"wp-image-5250\" srcset=\"https:\/\/biomimicry.eu\/forets\/wp-content\/uploads\/2020\/05\/Pepiniere-La-Victoire-2-1024x683.jpg 1024w, https:\/\/biomimicry.eu\/forets\/wp-content\/uploads\/2020\/05\/Pepiniere-La-Victoire-2-300x200.jpg 300w, https:\/\/biomimicry.eu\/forets\/wp-content\/uploads\/2020\/05\/Pepiniere-La-Victoire-2-768x512.jpg 768w, https:\/\/biomimicry.eu\/forets\/wp-content\/uploads\/2020\/05\/Pepiniere-La-Victoire-2-600x400.jpg 600w, https:\/\/biomimicry.eu\/forets\/wp-content\/uploads\/2020\/05\/Pepiniere-La-Victoire-2.jpg 1200w\" sizes=\"(max-width: 1024px) 100vw, 1024px\" \/><figcaption class=\"blocks-gallery-item__caption\">Actores del CFEDEC en La Victoire, con Edex PAUL en el centro en rojo.<\/figcaption><\/figure><\/li><li class=\"blocks-gallery-item\"><figure><img loading=\"lazy\" width=\"1024\" height=\"768\" src=\"https:\/\/biomimicry.eu\/forets\/wp-content\/uploads\/2020\/05\/platcentral-route22-160317-1024x768.jpg\" alt=\"\" data-id=\"5156\" data-full-url=\"https:\/\/biomimicry.eu\/forets\/wp-content\/uploads\/2020\/05\/platcentral-route22-160317.jpg\" data-link=\"https:\/\/biomimicry.eu\/forets\/accueil\/platcentral-route22-160317\/\" class=\"wp-image-5156\" srcset=\"https:\/\/biomimicry.eu\/forets\/wp-content\/uploads\/2020\/05\/platcentral-route22-160317-1024x768.jpg 1024w, https:\/\/biomimicry.eu\/forets\/wp-content\/uploads\/2020\/05\/platcentral-route22-160317-600x450.jpg 600w, https:\/\/biomimicry.eu\/forets\/wp-content\/uploads\/2020\/05\/platcentral-route22-160317-300x225.jpg 300w, https:\/\/biomimicry.eu\/forets\/wp-content\/uploads\/2020\/05\/platcentral-route22-160317-768x576.jpg 768w, https:\/\/biomimicry.eu\/forets\/wp-content\/uploads\/2020\/05\/platcentral-route22-160317.jpg 1200w\" sizes=\"(max-width: 1024px) 100vw, 1024px\" \/><figcaption class=\"blocks-gallery-item__caption\">Un r\u00edo que vadeamos durante la visita a los socios.<\/figcaption><\/figure><\/li><li class=\"blocks-gallery-item\"><figure><img loading=\"lazy\" width=\"444\" height=\"295\" src=\"https:\/\/biomimicry.eu\/forets\/wp-content\/uploads\/2020\/05\/dsc_0248.jpg\" alt=\"\" data-id=\"5154\" data-full-url=\"https:\/\/biomimicry.eu\/forets\/wp-content\/uploads\/2020\/05\/dsc_0248.jpg\" data-link=\"https:\/\/biomimicry.eu\/forets\/accueil\/dsc_0248\/\" class=\"wp-image-5154\" srcset=\"https:\/\/biomimicry.eu\/forets\/wp-content\/uploads\/2020\/05\/dsc_0248.jpg 444w, https:\/\/biomimicry.eu\/forets\/wp-content\/uploads\/2020\/05\/dsc_0248-300x199.jpg 300w\" sizes=\"(max-width: 444px) 100vw, 444px\" \/><figcaption class=\"blocks-gallery-item__caption\">Vivero en Sadhana Forest, con las primeras semillas proveniente de los \u00e1rboles que sembramos.<\/figcaption><\/figure><\/li><li class=\"blocks-gallery-item\"><figure><img loading=\"lazy\" width=\"444\" height=\"295\" src=\"https:\/\/biomimicry.eu\/forets\/wp-content\/uploads\/2020\/05\/dsc_0160.jpg\" alt=\"\" data-id=\"5152\" data-full-url=\"https:\/\/biomimicry.eu\/forets\/wp-content\/uploads\/2020\/05\/dsc_0160.jpg\" data-link=\"https:\/\/biomimicry.eu\/forets\/accueil\/dsc_0160\/\" class=\"wp-image-5152\" srcset=\"https:\/\/biomimicry.eu\/forets\/wp-content\/uploads\/2020\/05\/dsc_0160.jpg 444w, https:\/\/biomimicry.eu\/forets\/wp-content\/uploads\/2020\/05\/dsc_0160-300x199.jpg 300w\" sizes=\"(max-width: 444px) 100vw, 444px\" \/><figcaption class=\"blocks-gallery-item__caption\">\u00a1Las primeras nueces maya &#8220;Made in Hait\u00ed&#8221; en Ansapit!<\/figcaption><\/figure><\/li><li class=\"blocks-gallery-item\"><figure><img loading=\"lazy\" width=\"444\" height=\"295\" src=\"https:\/\/biomimicry.eu\/forets\/wp-content\/uploads\/2020\/05\/dsc_0169.jpg\" alt=\"\" data-id=\"5153\" data-full-url=\"https:\/\/biomimicry.eu\/forets\/wp-content\/uploads\/2020\/05\/dsc_0169.jpg\" data-link=\"https:\/\/biomimicry.eu\/forets\/accueil\/dsc_0169\/\" class=\"wp-image-5153\" srcset=\"https:\/\/biomimicry.eu\/forets\/wp-content\/uploads\/2020\/05\/dsc_0169.jpg 444w, https:\/\/biomimicry.eu\/forets\/wp-content\/uploads\/2020\/05\/dsc_0169-300x199.jpg 300w\" sizes=\"(max-width: 444px) 100vw, 444px\" \/><figcaption class=\"blocks-gallery-item__caption\">Las nueces est\u00e1 envueltas en una pulpa naranja clara, con un sabor acidulado a c\u00edtricos muy agradable.<\/figcaption><\/figure><\/li><li class=\"blocks-gallery-item\"><figure><img loading=\"lazy\" width=\"1024\" height=\"576\" src=\"https:\/\/biomimicry.eu\/forets\/wp-content\/uploads\/2020\/05\/nord-route07-160313-1024x576.jpg\" alt=\"\" data-id=\"5149\" data-full-url=\"https:\/\/biomimicry.eu\/forets\/wp-content\/uploads\/2020\/05\/nord-route07-160313.jpg\" data-link=\"https:\/\/biomimicry.eu\/forets\/accueil\/nord-route07-160313\/\" class=\"wp-image-5149\" srcset=\"https:\/\/biomimicry.eu\/forets\/wp-content\/uploads\/2020\/05\/nord-route07-160313-1024x576.jpg 1024w, https:\/\/biomimicry.eu\/forets\/wp-content\/uploads\/2020\/05\/nord-route07-160313-600x338.jpg 600w, https:\/\/biomimicry.eu\/forets\/wp-content\/uploads\/2020\/05\/nord-route07-160313-300x169.jpg 300w, https:\/\/biomimicry.eu\/forets\/wp-content\/uploads\/2020\/05\/nord-route07-160313-768x432.jpg 768w, https:\/\/biomimicry.eu\/forets\/wp-content\/uploads\/2020\/05\/nord-route07-160313.jpg 1400w\" sizes=\"(max-width: 1024px) 100vw, 1024px\" \/><figcaption class=\"blocks-gallery-item__caption\">Paisaje de Lagon, en el Artibonite.<\/figcaption><\/figure><\/li><\/ul><\/figure>\n\n\n\n<p><\/p>\n<\/div><\/section>\n\n\n\n<section class=\"wp-block-uagb-section uagb-section__wrap uagb-section__background-color uagb-block-7de431d1\"><div class=\"uagb-section__overlay\"><\/div><div class=\"uagb-section__inner-wrap\">\n<h2>Algunos pensamientos&#8230;<\/h2>\n\n\n\n<section class=\"wp-block-uagb-columns uagb-columns__wrap uagb-columns__background-undefined uagb-columns__stack-mobile uagb-columns__valign-undefined uagb-columns__gap-20 alignundefined uagb-block-6a3eefcd\"><div class=\"uagb-columns__overlay\"><\/div><div class=\"uagb-columns__inner-wrap uagb-columns__columns-2\">\n<div class=\"wp-block-uagb-column uagb-column__wrap uagb-column__background-undefined uagb-block-3310ce83\"><div class=\"uagb-column__overlay\"><\/div><div class=\"uagb-column__inner-wrap\">\n<h3>La peque\u00f1a escala, esperanza de Hait\u00ed<\/h3>\n\n\n\n<p>Cuando enumeramos todos los inconvenientes de Hait\u00ed, muchos preguntan por qu\u00e9 seguimos interviniendo all\u00e1. La respuesta m\u00e1s simple es que nuestro programa de peque\u00f1a escala representa una respuesta v\u00e1lida, aunque parcial, a la situaci\u00f3n de Hait\u00ed.<\/p>\n\n\n\n<p>Efectivamente, nuestro peque\u00f1o tama\u00f1o nos permite transferir la mayor parte de los fundos recebidos a nuestros socios del terreno (no tenemos ni empleados, ni oficinas en Francia, apenas consultantes de tiempo parcial). Trabajamos con los campesinos m\u00e1s pobres y m\u00e1s aislados, considerando que para ellos cada ayuda importa.<\/p>\n\n\n\n<p>Adem\u00e1s, promocionamos soluciones agroforestales accesibles y permanentes, a diferencia de las soluciones cl\u00e1sicas, que carecen de eficacia para los m\u00e1s pobres: grandes explotaciones, agricultura con insumos qu\u00edmicos o semillas OGM, mecanizaci\u00f3n o estandarizaci\u00f3n de los pr\u00e9stamos para financiar la modernizaci\u00f3n de la agricultura, producci\u00f3n de productos destinados a la exportaci\u00f3n, etc.<\/p>\n\n\n\n<p><\/p>\n<\/div><\/div>\n\n\n\n<div class=\"wp-block-uagb-column uagb-column__wrap uagb-column__background-undefined uagb-block-2b7b2c79\"><div class=\"uagb-column__overlay\"><\/div><div class=\"uagb-column__inner-wrap\">\n<h3>Echar ra\u00edces<\/h3>\n\n\n\n<p>Despu\u00e9s de casi diez a\u00f1os en Hait\u00ed, nos enorgullamos al decir que nuestro programa de reforestaci\u00f3n &#8220;ech\u00f3 ra\u00edces&#8221;, en el sentido figurado como literal.<\/p>\n\n\n\n<p>Echar ra\u00edces, en el contexto nuestro, significa sumar el nogal maya a los \u00e1rboles alimenticios haitianos, como el aguacate o el mango que suelen ser los \u00faltimos en sobrevivir en los patios de las casas y los peque\u00f1os campos. Pero el nogal maya presenta tambi\u00e9n la ventaja de que sus nueces se conservan f\u00e1cilmente durante mucho tiempo.<\/p>\n\n\n\n<p>As\u00ed, ese \u00e1rbol tiene el potencial necesario para modificar parte de la problem\u00e1tica alimentaria de las familias pobres haitianas.<\/p>\n\n\n\n<p>Cada d\u00eda que pasa, ese potencial se hace m\u00e1s real: cuando nuevos \u00e1rboles producen sus primeras frutas, en alg\u00fan lugar de un jard\u00edn haitiano, en un cerro o un valle remoto, y cuando esas frutas y semillas se examinan, se conversa sobre \u00e9stas, se intercambian y se prueban entre los granjeros, las vecinas o los ni\u00f1os. <\/p>\n<\/div><\/div>\n<\/div><\/section>\n<\/div><\/section>\n","protected":false},"excerpt":{"rendered":"","protected":false},"author":1,"featured_media":0,"parent":0,"menu_order":0,"comment_status":"closed","ping_status":"closed","template":"","meta":{"_uag_custom_page_level_css":"","site-sidebar-layout":"default","site-content-layout":"page-builder","ast-site-content-layout":"","site-content-style":"default","site-sidebar-style":"default","ast-global-header-display":"","ast-banner-title-visibility":"","ast-main-header-display":"","ast-hfb-above-header-display":"","ast-hfb-below-header-display":"","ast-hfb-mobile-header-display":"","site-post-title":"disabled","ast-breadcrumbs-content":"","ast-featured-img":"","footer-sml-layout":"","theme-transparent-header-meta":"default","adv-header-id-meta":"","stick-header-meta":"","header-above-stick-meta":"","header-main-stick-meta":"","header-below-stick-meta":"","astra-migrate-meta-layouts":"default","ast-page-background-enabled":"default","ast-page-background-meta":{"desktop":{"background-color":"var(--ast-global-color-4)","background-image":"","background-repeat":"repeat","background-position":"center center","background-size":"auto","background-attachment":"scroll","background-type":"","background-media":"","overlay-type":"","overlay-color":"","overlay-opacity":"","overlay-gradient":""},"tablet":{"background-color":"","background-image":"","background-repeat":"repeat","background-position":"center center","background-size":"auto","background-attachment":"scroll","background-type":"","background-media":"","overlay-type":"","overlay-color":"","overlay-opacity":"","overlay-gradient":""},"mobile":{"background-color":"","background-image":"","background-repeat":"repeat","background-position":"center center","background-size":"auto","background-attachment":"scroll","background-type":"","background-media":"","overlay-type":"","overlay-color":"","overlay-opacity":"","overlay-gradient":""}},"ast-content-background-meta":{"desktop":{"background-color":"var(--ast-global-color-5)","background-image":"","background-repeat":"repeat","background-position":"center center","background-size":"auto","background-attachment":"scroll","background-type":"","background-media":"","overlay-type":"","overlay-color":"","overlay-opacity":"","overlay-gradient":""},"tablet":{"background-color":"var(--ast-global-color-5)","background-image":"","background-repeat":"repeat","background-position":"center center","background-size":"auto","background-attachment":"scroll","background-type":"","background-media":"","overlay-type":"","overlay-color":"","overlay-opacity":"","overlay-gradient":""},"mobile":{"background-color":"var(--ast-global-color-5)","background-image":"","background-repeat":"repeat","background-position":"center center","background-size":"auto","background-attachment":"scroll","background-type":"","background-media":"","overlay-type":"","overlay-color":"","overlay-opacity":"","overlay-gradient":""}}},"uagb_featured_image_src":{"full":false,"thumbnail":false,"medium":false,"medium_large":false,"large":false,"1536x1536":false,"2048x2048":false},"uagb_author_info":{"display_name":"GestionEtAdminFORETS","author_link":"https:\/\/biomimicry.eu\/forets\/author\/gestionetadminforets\/"},"uagb_comment_info":0,"uagb_excerpt":null,"_links":{"self":[{"href":"https:\/\/biomimicry.eu\/forets\/wp-json\/wp\/v2\/pages\/6454"}],"collection":[{"href":"https:\/\/biomimicry.eu\/forets\/wp-json\/wp\/v2\/pages"}],"about":[{"href":"https:\/\/biomimicry.eu\/forets\/wp-json\/wp\/v2\/types\/page"}],"author":[{"embeddable":true,"href":"https:\/\/biomimicry.eu\/forets\/wp-json\/wp\/v2\/users\/1"}],"replies":[{"embeddable":true,"href":"https:\/\/biomimicry.eu\/forets\/wp-json\/wp\/v2\/comments?post=6454"}],"version-history":[{"count":22,"href":"https:\/\/biomimicry.eu\/forets\/wp-json\/wp\/v2\/pages\/6454\/revisions"}],"predecessor-version":[{"id":7017,"href":"https:\/\/biomimicry.eu\/forets\/wp-json\/wp\/v2\/pages\/6454\/revisions\/7017"}],"wp:attachment":[{"href":"https:\/\/biomimicry.eu\/forets\/wp-json\/wp\/v2\/media?parent=6454"}],"curies":[{"name":"wp","href":"https:\/\/api.w.org\/{rel}","templated":true}]}}