{"id":6408,"date":"2020-05-07T21:52:57","date_gmt":"2020-05-07T19:52:57","guid":{"rendered":"https:\/\/biomimicry.eu\/forets\/?page_id=6408"},"modified":"2021-01-06T04:10:42","modified_gmt":"2021-01-06T03:10:42","slug":"compensacion-de-carbono","status":"publish","type":"page","link":"https:\/\/biomimicry.eu\/forets\/es\/compensacion-de-carbono\/","title":{"rendered":"Compensaci\u00f3n de carbono&#8230; cuidadosa y at\u00edpica!"},"content":{"rendered":"\n<section class=\"wp-block-uagb-section uagb-section__wrap uagb-section__background-color uagb-block-88448625\"><div class=\"uagb-section__overlay\"><\/div><div class=\"uagb-section__inner-wrap\">\n<section class=\"wp-block-uagb-section uagb-section__wrap uagb-section__background-color uagb-block-04f85d50\"><div class=\"uagb-section__overlay\"><\/div><div class=\"uagb-section__inner-wrap\">\n<div class=\"wp-block-uagb-info-box uagb-infobox__outer-wrap uagb-block-b1850c1d\"><div class=\"uagb-infobox__content-wrap uagb-infobox uagb-infobox-has-icon uagb-infobox-icon-left uagb-infobox-left uagb-infobox-stacked-tablet uagb-infobox-image-valign-top uagb-infobox-enable-border-radius \"><div class=\"uagb-ifb-left-right-wrap\"><div class=\"uagb-ifb-image-icon-content uagb-ifb-imgicon-wrap\"><div class=\"uagb-ifb-icon-wrap\"><span class=\"uagb-ifb-icon\"><svg xmlns=\"http:\/\/www.w3.org\/2000\/svg\" viewbox=\"0 0 512 512\"><path d=\"M512 199.652c0 23.625-20.65 43.826-44.8 43.826h-99.851c16.34 17.048 18.346 49.766-6.299 70.944 14.288 22.829 2.147 53.017-16.45 62.315C353.574 425.878 322.654 448 272 448c-2.746 0-13.276-.203-16-.195-61.971.168-76.894-31.065-123.731-38.315C120.596 407.683 112 397.599 112 385.786V214.261l.002-.001c.011-18.366 10.607-35.889 28.464-43.845 28.886-12.994 95.413-49.038 107.534-77.323 7.797-18.194 21.384-29.084 40-29.092 34.222-.014 57.752 35.098 44.119 66.908-3.583 8.359-8.312 16.67-14.153 24.918H467.2c23.45 0 44.8 20.543 44.8 43.826zM96 200v192c0 13.255-10.745 24-24 24H24c-13.255 0-24-10.745-24-24V200c0-13.255 10.745-24 24-24h48c13.255 0 24 10.745 24 24zM68 368c0-11.046-8.954-20-20-20s-20 8.954-20 20 8.954 20 20 20 20-8.954 20-20z\"><\/path><\/svg><\/span><\/div><\/div><div class=\"uagb-ifb-content\"><div class=\"uagb-ifb-title-wrap\"><h3 class=\"uagb-ifb-title\">Pre\u00e1mbulo <\/h3><\/div><div class=\"uagb-ifb-text-wrap\"><p class=\"uagb-ifb-desc\"><br><strong>M\u00e1s all\u00e1 de un simple c\u00e1lculo CO2\/\u00e1rbol, resolvimos dirigirnos hacia m\u00e9todos que permitan un enfoque sobre los \u00e1rboles granjeros y la agroforester\u00eda. Actividades que asocian la reforestaci\u00f3n por parte de los campesinos del pa\u00eds con una agricultura m\u00e1s sostenible, respetuosa, resiliente, e incluso m\u00e1s productiva.<br><\/strong>Esta p\u00e1gina brinda explicaciones sobre nuestro proceso reflexivo relacionado a la compensaci\u00f3n. T\u00f3mate tu tiempo para explorarla, o cont\u00e1ctanos directamente si deseas charlar en vivo.<\/p><div class=\"uagb-ifb-cta uagb-infobox-cta-link-style\"><div class=\"uagb-ifb-button-wrapper\"><a href=\"https:\/\/biomimicry.eu\/forets\/contact\/\" class=\"uagb-infobox-cta-link uagb-ifb-cta-button\" target=\"_self\" rel=\"noopener noreferrer\"><span class=\"uagb-ifb-cta-content-wrapper\"><span class=\"uagb-inline-editing \">contacto<\/span><\/span><\/a><\/div><\/div><\/div><\/div><\/div><\/div><\/div>\n\n\n\n<p><\/p>\n<\/div><\/section>\n<\/div><\/section>\n\n\n\n<section class=\"wp-block-uagb-section uagb-section__wrap uagb-section__background-color uagb-block-5c67e86e\"><div class=\"uagb-section__overlay\"><\/div><div class=\"uagb-section__inner-wrap\">\n<h2>Filosof\u00eda<\/h2>\n\n\n\n<section class=\"wp-block-uagb-columns uagb-columns__wrap uagb-columns__background-undefined uagb-columns__stack-mobile uagb-columns__valign-undefined uagb-columns__gap-20 alignundefined uagb-block-6967305e\"><div class=\"uagb-columns__overlay\"><\/div><div class=\"uagb-columns__inner-wrap uagb-columns__columns-2\">\n<div class=\"wp-block-uagb-column uagb-column__wrap uagb-column__background-undefined uagb-block-a6361a47\"><div class=\"uagb-column__overlay\"><\/div><div class=\"uagb-column__inner-wrap\">\n<div class=\"wp-block-uagb-info-box uagb-infobox__outer-wrap uagb-block-4096e582\"><div class=\"uagb-infobox__content-wrap uagb-infobox uagb-infobox-has-icon uagb-infobox-icon-above-title uagb-infobox-image-valign-top uagb-infobox-enable-border-radius \"><div class=\"uagb-ifb-left-right-wrap\"><div class=\"uagb-ifb-content\"><div class=\"uagb-ifb-image-icon-content uagb-ifb-imgicon-wrap\"><div class=\"uagb-ifb-icon-wrap\"><span class=\"uagb-ifb-icon\"><svg xmlns=\"http:\/\/www.w3.org\/2000\/svg\" viewbox=\"0 0 640 512\"><path d=\"M256 336h-.02c0-16.18 1.34-8.73-85.05-181.51-17.65-35.29-68.19-35.36-85.87 0C-2.06 328.75.02 320.33.02 336H0c0 44.18 57.31 80 128 80s128-35.82 128-80zM128 176l72 144H56l72-144zm511.98 160c0-16.18 1.34-8.73-85.05-181.51-17.65-35.29-68.19-35.36-85.87 0-87.12 174.26-85.04 165.84-85.04 181.51H384c0 44.18 57.31 80 128 80s128-35.82 128-80h-.02zM440 320l72-144 72 144H440zm88 128H352V153.25c23.51-10.29 41.16-31.48 46.39-57.25H528c8.84 0 16-7.16 16-16V48c0-8.84-7.16-16-16-16H383.64C369.04 12.68 346.09 0 320 0s-49.04 12.68-63.64 32H112c-8.84 0-16 7.16-16 16v32c0 8.84 7.16 16 16 16h129.61c5.23 25.76 22.87 46.96 46.39 57.25V448H112c-8.84 0-16 7.16-16 16v32c0 8.84 7.16 16 16 16h416c8.84 0 16-7.16 16-16v-32c0-8.84-7.16-16-16-16z\"><\/path><\/svg><\/span><\/div><\/div><div class=\"uagb-ifb-title-wrap\"><h3 class=\"uagb-ifb-title\">SER CUIDADOSO<\/h3><\/div><div class=\"uagb-ifb-text-wrap\"><p class=\"uagb-ifb-desc\"><strong>Reforestar con \u00e1rboles fuentes de ox\u00edgeno represent\u00f3 la v\u00eda m\u00e1s esperanzadora del proyecto europeo <em><a rel=\"noreferrer noopener\" href=\"https:\/\/cordis.europa.eu\/project\/id\/226306\/fr\" target=\"_blank\">CO2SolStock<\/a><\/em>. La soluci\u00f3n propuesta examina las formas naturales de captaci\u00f3n y almacenamiento del carbono atmosf\u00e9rico.<\/strong><br>Sin embargo, durante mucho tiempo, nuestro programa de reforestaci\u00f3n no se involucr\u00f3 en la compensaci\u00f3n de carbono, ya que \u00e9sa suele realizarse en territorios muy grandes y con un volumen importante de CO2 &#8220;almacenado&#8221; &#8211; de ah\u00ed que, de manera casi autom\u00e1tica, los proyectos acaban desconect\u00e1ndose de las necesidades (y capacidades) reales, diversos y heterog\u00e9neos de los territorios y poblaciones abarcados.<br><strong>Por lo tanto, nuestro lema es: no hay carbono mejor almacenado que el carbono dejado sin producir.<\/strong><\/p><\/div><\/div><\/div><\/div><\/div>\n<\/div><\/div>\n\n\n\n<div class=\"wp-block-uagb-column uagb-column__wrap uagb-column__background-undefined uagb-block-cc221a4a\"><div class=\"uagb-column__overlay\"><\/div><div class=\"uagb-column__inner-wrap\">\n<div class=\"wp-block-uagb-info-box uagb-infobox__outer-wrap uagb-block-8ab9e51e\"><div class=\"uagb-infobox__content-wrap uagb-infobox uagb-infobox-has-icon uagb-infobox-icon-above-title uagb-infobox-image-valign-top uagb-infobox-enable-border-radius \"><div class=\"uagb-ifb-left-right-wrap\"><div class=\"uagb-ifb-content\"><div class=\"uagb-ifb-image-icon-content uagb-ifb-imgicon-wrap\"><div class=\"uagb-ifb-icon-wrap\"><span class=\"uagb-ifb-icon\"><svg xmlns=\"http:\/\/www.w3.org\/2000\/svg\" viewbox=\"0 0 576 512\"><path d=\"M546.2 9.7c-5.6-12.5-21.6-13-28.3-1.2C486.9 62.4 431.4 96 368 96h-80C182 96 96 182 96 288c0 7 .8 13.7 1.5 20.5C161.3 262.8 253.4 224 384 224c8.8 0 16 7.2 16 16s-7.2 16-16 16C132.6 256 26 410.1 2.4 468c-6.6 16.3 1.2 34.9 17.5 41.6 16.4 6.8 35-1.1 41.8-17.3 1.5-3.6 20.9-47.9 71.9-90.6 32.4 43.9 94 85.8 174.9 77.2C465.5 467.5 576 326.7 576 154.3c0-50.2-10.8-102.2-29.8-144.6z\"><\/path><\/svg><\/span><\/div><\/div><div class=\"uagb-ifb-title-wrap\"><h3 class=\"uagb-ifb-title\">HACER COMO LA NATURALEZA<\/h3><\/div><div class=\"uagb-ifb-text-wrap\"><p class=\"uagb-ifb-desc\"><br>C\u00f3mo nuestra Pachamama estabilizar\u00eda una tonelada de CO2 de manera segura y &#8220;garantizada&#8221;?<\/p><\/div><\/div><\/div><\/div><\/div>\n\n\n\n<ul><li><strong>De manera distribuida<\/strong>, a peque\u00f1a escala, localmente.<\/li><li><strong>De manera resiliente y redundante<\/strong>, estabilizar\u00eda 2 a 3 toneladas, &#8220;solo por si acaso&#8221; para asegurarse.<\/li><li><strong>En sinergia con otros procesos ben\u00e9ficos<\/strong>: sujetar y enriquecer los suelos, elevar el agua, producir alimento, hacer sombra, etc.<\/li><li><strong>Creando condiciones propicias a la vida<\/strong>: de manera generosa con los animales, las plantas y los humanos que pueden gozar del \u00e1rbol, antes de devolv\u00e9rselo.<\/li><\/ul>\n\n\n\n<p><\/p>\n<\/div><\/div>\n<\/div><\/section>\n\n\n\n<p><\/p>\n<\/div><\/section>\n\n\n\n<hr class=\"wp-block-separator is-style-default\"\/>\n\n\n\n<section class=\"wp-block-uagb-section uagb-section__wrap uagb-section__background-undefined uagb-block-68c03446\"><div class=\"uagb-section__overlay\"><\/div><div class=\"uagb-section__inner-wrap\">\n<h2 class=\"has-text-align-left\">NUESTRO PROCESO DE COMPENSACI\u00f3N<\/h2>\n\n\n\n<h3>\u00bfPor qu\u00e9 elegir nuestro programa?<\/h3>\n\n\n\n<ul><li><strong>Oxalog\u00e9nesis, almacenar el carbono en la roca<\/strong>: somos la primera y probablemente a\u00fan la \u00fanica organizaci\u00f3n sembrando principalmente \u00e1rboles fuentes de ox\u00edgeno y conduciendo una b\u00fasqueda aplicada. Esos \u00e1rboles pueden almacenar carbono en el suelo, bajo forma caliza, \u00a1captur\u00e1ndolo as\u00ed por diez mil a cien mil a\u00f1os!<\/li><\/ul>\n\n\n\n<ul><li><strong>Solidaridad humana: <\/strong>somos una peque\u00f1a estructura. Con nosotros, sabes que puedes obtener toda la informaci\u00f3n, establecer v\u00ednculo de confianza y asegurarte de que no apoyas una &#8220;maquinaria grande&#8221;. Entre nuestras prioridades, ponemos en los primeros sitios el v\u00ednculo humano: el hecho de trabajar en confianza con personas que se llevan bien y colaboran de manera real y humana. Porque sabemos que la solidaridad es la cualidad y actitud que se debe desarrollar hoy y en los tiempos dif\u00edciles que nos esperan.<\/li><\/ul>\n\n\n\n<ul><li><strong>Biomimetismo y v\u00ednculo con los &#8220;otros no humanos&#8221;<\/strong>: creamos nuestro proyecto junto con la primera organizaci\u00f3n en difundir el biomimetismo en Europa, con la voluntad de regenerar el planeta y re-visitar todos nuestros sistemas, inspir\u00e1ndonos en los seres vivos, por una sostenibilidad a muy largo plazo.<\/li><\/ul>\n\n\n\n<div style=\"height:30px\" aria-hidden=\"true\" class=\"wp-block-spacer\"><\/div>\n\n\n\n<h3>Calcular &amp; garantizar una compensaci\u00f3n de carbono &#8220;mesurada&#8221;<\/h3>\n\n\n\n<section class=\"wp-block-uagb-columns uagb-columns__wrap uagb-columns__background-undefined uagb-columns__stack-mobile uagb-columns__valign-undefined uagb-columns__gap-20 alignundefined uagb-block-0a02af12\"><div class=\"uagb-columns__overlay\"><\/div><div class=\"uagb-columns__inner-wrap uagb-columns__columns-2\">\n<div class=\"wp-block-uagb-column uagb-column__wrap uagb-column__background-undefined uagb-block-3ffb6046\"><div class=\"uagb-column__overlay\"><\/div><div class=\"uagb-column__inner-wrap\">\n<ul><li><strong>\u00c1rboles para la vida, antes que todo<\/strong>: no nos especializamos en la compensaci\u00f3n de carbono, sino en la reforestaci\u00f3n a escala humana, para los peque\u00f1os campesinos y la familias. Tal es y ser\u00e1 nuestro enfoque, asegurando una compensaci\u00f3n mesurada que representa un &#8220;beneficio colateral&#8221;.<\/li><\/ul>\n\n\n\n<ul><li><strong>Asociaci\u00f3n de tama\u00f1o humano, actuando casi exclusivamente en el terreno<\/strong> : 2 coordinadores internacionales de tiempo parcial, adem\u00e1s de nuestros socios en el terreno en cada pa\u00eds (hoy, Hait\u00ed y M\u00e9xico), sin empleados ni oficinas o veh\u00edculos, ni cualquier estructura en Francia o en el terreno. M\u00e1s bien: viveros, socios locales, algunos lugares de formaci\u00f3n y educadores&#8230; y, sobre todo, m\u00e1s de 300 000 \u00e1rboles sembrados en 9 a\u00f1os en Hait\u00ed, sensibilizando un m\u00ednimo de 40 000 personas en todo el pa\u00eds. Por lo tanto, no tenemos los recursos necesarios para certificar nuestro almacenamiento de carbono en las normas internacionales. Esas normas son complicadas y muy costosas ya que est\u00e1n adaptadas para grandes programas, los cuales se especializan m\u00e1s en la reforestaci\u00f3n masiva pero, consecutivamente, son menos atentos a las poblaciones locales&#8230;<\/li><\/ul>\n<\/div><\/div>\n\n\n\n<div class=\"wp-block-uagb-column uagb-column__wrap uagb-column__background-undefined uagb-block-8989e036\"><div class=\"uagb-column__overlay\"><\/div><div class=\"uagb-column__inner-wrap\">\n<ul><li><strong>Nos interesa una compensaci\u00f3n &#8220;entre amigos&#8221;, con una base de confianza<\/strong>, en asociaci\u00f3n con organizaciones que tomar\u00e1n el tiempo de conocernos y cuyos m\u00e9todos apreciamos.<\/li><\/ul>\n\n\n\n<ul><li><strong>Siendo una asociaci\u00f3n sin \u00e1nimo de lucro y originalmente enfocada en el biomimetismo, nos inspiramos de la naturaleza<\/strong> para evitar establecer un precio &#8220;optimizado&#8221; para nosotros y nuestros socios, sino un precio y n\u00famero de \u00e1rboles que permita una <strong>seguridad fuerte y &#8220;natural&#8221;<\/strong>, a fin de asegurarnos de que nuestros \u00e1rboles almacenar\u00e1n por lo menos los valores establecidos (y sin duda, mucho m\u00e1s). Por eso apuntamos un <strong>sistema resiliente, redundante y generoso<\/strong>: \u00a1como la naturaleza!<\/li><\/ul>\n\n\n\n<ul><li><strong>De ah\u00ed que evaluamos primero los h\u00e1bitos y precios actuales<\/strong>, los suposiciones a veces no dichas, y luego establecemos nuestra hip\u00f3tesis para almacenar CO2.<\/li><\/ul>\n\n\n\n<p><\/p>\n<\/div><\/div>\n<\/div><\/section>\n\n\n\n<div style=\"height:30px\" aria-hidden=\"true\" class=\"wp-block-spacer\"><\/div>\n\n\n\n<h3>Lo esencial: el \u00edndice de supervivencia de los \u00e1rboles<\/h3>\n\n\n\n<section class=\"wp-block-uagb-columns uagb-columns__wrap uagb-columns__background-undefined uagb-columns__stack-mobile uagb-columns__valign-undefined uagb-columns__gap-20 alignundefined uagb-block-c0f03659\"><div class=\"uagb-columns__overlay\"><\/div><div class=\"uagb-columns__inner-wrap uagb-columns__columns-2\">\n<div class=\"wp-block-uagb-column uagb-column__wrap uagb-column__background-undefined uagb-block-06fbc1aa\"><div class=\"uagb-column__overlay\"><\/div><div class=\"uagb-column__inner-wrap\">\n<p><strong>Para nosotros, la oxalog\u00e9nesis representa un &#8220;plus&#8221; en la compensaci\u00f3n. Depende de la capacidad de los \u00e1rboles a madurar. Por eso, lo m\u00e1s importante es almacenar el carbono primero bajo la forma de madera viva, en zonas donde no hubiera crecido sin nuestra ayuda (y donde realmente se la necesita), para almacenar el carbono de manera sostenible.<\/strong><\/p>\n\n\n\n<p class=\"has-text-align-left\">El \u00edndice de supervivencia a largo plazo de los \u00e1rboles, incluyendo la duraci\u00f3n utilizada en el c\u00e1lculo, es el par\u00e1metro crucial para estimar cu\u00e1ntos \u00e1rboles se deben sembrar para capturar, a largo plazo, un m\u00ednimo de una tonelada de CO2. El est\u00e1ndar m\u00e1s alto que existe, el <em>Gold Standard<\/em>, lo establece a 50 a\u00f1os (<em><a rel=\"noreferrer noopener\" href=\"https:\/\/www.goldstandard.org\/resources\/faqs\" target=\"_blank\">How is the carbon stored in forest measured?<\/a><\/em> ). Hoy en d\u00eda, nuestros \u00e1rboles m\u00e1s viejos tienen 9 a\u00f1os. Todav\u00eda no podemos averiguar su \u00edndice de supervivencia a los 50 a\u00f1os. Pero hicimos una estimaci\u00f3n basada en nuestros proyectos corrientes y en el \u00edndice medio de supervivencia en otros programas, a\u00f1adiendo una margen de seguridad.<\/p>\n\n\n\n<p><\/p>\n<\/div><\/div>\n\n\n\n<div class=\"wp-block-uagb-column uagb-column__wrap uagb-column__background-undefined uagb-block-39a38c1d\"><div class=\"uagb-column__overlay\"><\/div><div class=\"uagb-column__inner-wrap\">\n<p>La investigaci\u00f3n aleatoria que conducimos entre m\u00e1s de 100 beneficiarios en Hait\u00ed, dio una estimaci\u00f3n del <strong>\u00edndice de supervivencia de nuestro \u00e1rboles a 1-2 a\u00f1os <\/strong>despu\u00e9s de la siembra: <strong>67%<\/strong> en 2013 (los primeros a\u00f1os suelen ser los m\u00e1s dif\u00edciles para un \u00e1rbol).<\/p>\n\n\n\n<p>En otros programas, el panorama de las duraciones planteadas (y de los \u00edndices de supervivencia estimados) demuestran un<strong> m\u00ednimo de 20% a los 40 a\u00f1os<\/strong>, y un <strong>m\u00e1ximo de 59% en 10 a\u00f1os<\/strong>. En muchos programas, no se menciona ese \u00edndice. <em>Ver detalles en la Tabla 3 abajo.<\/em><\/p>\n\n\n\n<p><strong>Elegimos bajar nuestro \u00edndice hasta 10% de supervivencia a los 50 a\u00f1os<\/strong>, lo cual est\u00e1 probablemente mucho abajo de la realidad, pero permite mucha seguridad.<\/p>\n\n\n\n<p><\/p>\n<\/div><\/div>\n<\/div><\/section>\n\n\n\n<p><\/p>\n<\/div><\/section>\n\n\n\n<hr class=\"wp-block-separator is-style-default\"\/>\n\n\n\n<section class=\"wp-block-uagb-section uagb-section__wrap uagb-section__background-color uagb-block-c1f9e05b\"><div class=\"uagb-section__overlay\"><\/div><div class=\"uagb-section__inner-wrap\">\n<h2>Resultado final, nuestra propuesta<\/h2>\n\n\n\n<section class=\"wp-block-uagb-columns uagb-columns__wrap uagb-columns__background-undefined uagb-columns__stack-mobile uagb-columns__valign-undefined uagb-columns__gap-20 alignundefined uagb-block-e8f19cd6\"><div class=\"uagb-columns__overlay\"><\/div><div class=\"uagb-columns__inner-wrap uagb-columns__columns-2\">\n<div class=\"wp-block-uagb-column uagb-column__wrap uagb-column__background-color uagb-block-63d31ba9\"><div class=\"uagb-column__overlay\"><\/div><div class=\"uagb-column__inner-wrap\">\n<p>Para completar los resultados, hicimos varias comparaciones con los programas de referencia. Se presentan dichas comparaciones en las tablas 1 a 3 un poco m\u00e1s abajo.<\/p>\n\n\n\n<ul><li><strong>Ponemos el precio de la tonelada de Carbono en 20\u20ac<\/strong>, en la media alta de compensaci\u00f3n por los \u00e1rboles (Tabla 3), pero bajo en el rango de las organizaciones de compensaci\u00f3n a nivel franc\u00e9s o global (Tabla 1).<\/li><\/ul>\n\n\n\n<ul><li>Estimamos el almacenamiento en <strong>750kg\/\u00e1rbol en una duraci\u00f3n de 50 a\u00f1os<\/strong> (equivalente a 15kg\/a\u00f1o como media baja de las estimaciones encontradas, por seguridad).<\/li><\/ul>\n\n\n\n<ul><li>De ah\u00ed que podemos estimar un <strong>m\u00ednimo de 10% de supervivencia a los 50 a\u00f1os<\/strong>, mucho debajo de las estimaciones encontradas, por prudencia (Tabla 3). Y con otra seguridad m\u00e1s : por 20 \u00e1rboles sembrados, si 2 sobreviven hasta 50 a\u00f1os, almacenar\u00e1n aproximadamente 1,5 tonelada de carbono, o sea 50% de excedente te\u00f3rica en la tonelada de meta.<\/li><\/ul>\n<\/div><\/div>\n\n\n\n<div class=\"wp-block-uagb-column uagb-column__wrap uagb-column__background-undefined uagb-block-4b7e6fb7\"><div class=\"uagb-column__overlay\"><\/div><div class=\"uagb-column__inner-wrap\">\n<div class=\"wp-block-image\"><figure class=\"aligncenter size-large\"><img loading=\"lazy\" width=\"1024\" height=\"621\" src=\"https:\/\/biomimicry.eu\/forets\/wp-content\/uploads\/2020\/06\/20\u20ac-20arbres-1-1024x621.jpg\" alt=\"\" class=\"wp-image-5460\" srcset=\"https:\/\/biomimicry.eu\/forets\/wp-content\/uploads\/2020\/06\/20\u20ac-20arbres-1-1024x621.jpg 1024w, https:\/\/biomimicry.eu\/forets\/wp-content\/uploads\/2020\/06\/20\u20ac-20arbres-1-300x182.jpg 300w, https:\/\/biomimicry.eu\/forets\/wp-content\/uploads\/2020\/06\/20\u20ac-20arbres-1-768x466.jpg 768w, https:\/\/biomimicry.eu\/forets\/wp-content\/uploads\/2020\/06\/20\u20ac-20arbres-1-600x364.jpg 600w, https:\/\/biomimicry.eu\/forets\/wp-content\/uploads\/2020\/06\/20\u20ac-20arbres-1.jpg 1374w\" sizes=\"(max-width: 1024px) 100vw, 1024px\" \/><figcaption>20\u20ac \/ 20 \u00e1rboles sembrados \/ Varios otros beneficios: frutas, suelos, agua, refugio, etc. \/ M\u00ednimo 2 sobreviven hasta los 50 a\u00f1os \/ &gt; 1t. CO2 almacenada<\/figcaption><\/figure><\/div>\n\n\n\n<p><\/p>\n<\/div><\/div>\n<\/div><\/section>\n\n\n\n<p><\/p>\n<\/div><\/section>\n\n\n\n<hr class=\"wp-block-separator is-style-default\"\/>\n\n\n\n<section class=\"wp-block-uagb-section uagb-section__wrap uagb-section__background-undefined uagb-block-35582c45\"><div class=\"uagb-section__overlay\"><\/div><div class=\"uagb-section__inner-wrap\">\n<h2 class=\"has-text-align-left\">Tablas de comparaci\u00f3n<\/h2>\n\n\n\n<h3>Tabla 1 : Precio de la tonelada de carbono en los \u00faltimos a\u00f1os: ong geres, organisaciones socias y otras referencias<\/h3>\n\n\n\n<figure class=\"wp-block-table is-style-regular\"><table class=\"has-subtle-pale-blue-background-color has-background\"><thead><tr><th><span class=\"has-inline-color has-vivid-green-cyan-color\">Organisaciones<\/span><\/th><th><span class=\"has-inline-color has-vivid-green-cyan-color\">Precio \u20ac \/teqCO2<\/span><\/th><th><span class=\"has-inline-color has-vivid-green-cyan-color\">Fecha<\/span><\/th><th><span class=\"has-inline-color has-vivid-green-cyan-color\">Observaciones<\/span><\/th><th><span class=\"has-inline-color has-vivid-green-cyan-color\">Referencias<\/span><\/th><\/tr><\/thead><tbody><tr><td>Initiative D\u00e9veloppement (socia del Grupo Energ\u00edas Renovables, Medio ambiente y Solidaridad, GERES) &nbsp;<\/td><td>20<\/td><td>2019<\/td><td>El c\u00e1lculo de los costos es muy estricto. Se realiza en la base de investigaciones conducidas por equipos educados. Los especialistas del sector ER se encargan de esos c\u00e1lculos, realizados conforme a los m\u00e9todos reconocidos del Gold Standard y la CMNUCC (Convenci\u00f3n&nbsp;Marco de&nbsp;las&nbsp;Naciones&nbsp;Unidas&nbsp;sobre&nbsp;el&nbsp;Cambio&nbsp;Clim\u00e1tico), antes de ser controladas por especialistas externos a la Initiative D\u00e9veloppement.<\/td><td><a href=\"http:\/\/id-ong.org\/calcul-compensation-carbone\/calcul-compensation-carbone\" target=\"_blank\" rel=\"noreferrer noopener\">http:\/\/id-ong.org\/calcul-compensation-carbone\/calcul-compensation-carbone<\/a> &nbsp;<\/td><\/tr><tr><td><strong>Selvas Comunes <\/strong><\/td><td><strong>20<\/strong><\/td><td><strong>2019<\/strong><\/td><td><strong>No tiene certificaci\u00f3n pero presenta un c\u00e1lculo incluyendo muchas seguridades y redundancias para asegurarse de alcanzar como m\u00ednimo lo prometido, y probablemente mucho m\u00e1s. Rango determinado a partir de asociaciones conocidas y un n\u00famero seguro de \u00e1rboles.<\/strong><\/td><td><strong><em>&nbsp;<\/em><\/strong><\/td><\/tr><tr><td>Geres (plataforma CO2 Solidaire, suspendida en 2017)<\/td><td>24<\/td><td>2017<\/td><td>Decidimos determinar el \u00edndice de compensaci\u00f3n en 24\u20ac\/TeqCO2 evitada. Sigue siendo inferior al \u00edndice de la tonelada de carbono correspondiente a la Contribuci\u00f3n Clima Energ\u00eda (CCE) de Francia, 30,50\u20ac en 2017. Los proyectos apoyados por CO2 Solidaridaire son todos conformes a un est\u00e1ndar carbono, como<em> Gold Standard<\/em>, VCS o UNFCCC (MDP o MOC). Todos disponen de un PDD.<\/td><td><a href=\"https:\/\/co2solidaire.org\/je-souhaite-compenser\/tout-savoir-sur-la-compensation\/\" target=\"_blank\" rel=\"noreferrer noopener\">https:\/\/co2solidaire.org\/je-souhaite-compenser\/tout-savoir-sur-la-compensation\/<\/a> &nbsp;<\/td><\/tr><tr><td>Mercado europeo del carbono<\/td><td>20.37 &nbsp;<\/td><td>20 Feb. 2019<\/td><td>Inaugurado en 26\u20ac en 2008, con un m\u00ednimo hist\u00f3rico de 3\u20ac en 2013 y siguiendo en 4-5\u20ac a mediados de 2017, sube a 10\u20ac en feb. 18, y a 20\u20ac en agosto 18.<\/td><td><a href=\"https:\/\/sandbag.org.uk\/carbon-price-viewer\/\" target=\"_blank\" rel=\"noreferrer noopener\">https:\/\/sandbag.org.uk\/carbon-price-viewer\/<\/a><\/td><\/tr><tr><td>El impuesto franc\u00e9s sobre el carbono (Contribuci\u00f3n Clima-Energ\u00eda o CCE)<\/td><td>44,6<\/td><td>2019 Ex. IVA<\/td><td>&nbsp;Deb\u00eda aumentar en 2019, se planifica una compensaci\u00f3n de ese aumento en 2020.<\/td><td>Wikipedia <a href=\"https:\/\/fr.wikipedia.org\/wiki\/Taxe_carbone_en_France\" target=\"_blank\" rel=\"noreferrer noopener\">https:\/\/fr.wikipedia.org\/wiki\/Taxe_carbone_en_France<\/a><\/td><\/tr><tr><td>Recomendaci\u00f3n de respeto del acuerdo de Par\u00eds, Comisi\u00f3n Stern-Stiglitz relativa a los precios del carbono<\/td><td><strong>40\u201380 $\/tCO2<\/strong><\/td><td><strong>2020<\/strong><\/td><td>Y US$50\u2013100\/ tCO2 en 2030.<\/td><td><a href=\"https:\/\/www.carbonpricingleadership.org\/report-of-the-highlevel-commission-on-carbon-prices\/\" target=\"_blank\" rel=\"noreferrer noopener\">https:\/\/www.carbonpricingleadership.org\/report-of-the-highlevel-commission-on-carbon-prices\/<\/a> &nbsp;<\/td><\/tr><tr><td>Varios programas en el mundo, asesorados por I4CE\/Caja de dep\u00f3sitos francesa\/AFD<\/td><td>1-114<\/td><td>2018<\/td><td>Incluye Francia con 55\u20ac TTC en 2018<\/td><td><a href=\"https:\/\/www.i4ce.org\/download\/comptes-mondiaux-carbone-2018\/\" target=\"_blank\" rel=\"noreferrer noopener\">https:\/\/www.i4ce.org\/download\/comptes-mondiaux-carbone-2018\/<\/a> &nbsp;<\/td><\/tr><\/tbody><\/table><\/figure>\n\n\n\n<div style=\"height:20px\" aria-hidden=\"true\" class=\"wp-block-spacer\"><\/div>\n\n\n\n<h3><strong>Tabla 2<\/strong> : <strong>Pr<\/strong>ecio por \u00e1rbol<\/h3>\n\n\n\n<figure class=\"wp-block-table\"><table class=\"has-subtle-pale-blue-background-color has-background\"><thead><tr><th><span class=\"has-inline-color has-vivid-green-cyan-color\">Organisaciones<\/span><\/th><th><span class=\"has-inline-color has-vivid-green-cyan-color\">Precio por \u00e1rbol<\/span><\/th><th><span class=\"has-inline-color has-vivid-green-cyan-color\">Observaciones<\/span><\/th><th><span class=\"has-inline-color has-vivid-green-cyan-color\">Referencias<\/span><\/th><\/tr><\/thead><tbody><tr><td>OneTreePlanted<\/td><td>1$ <\/td><td>Sin detalles. Varios proyectos poco detallados.<\/td><td><a href=\"https:\/\/onetreeplanted.org\" target=\"_blank\" rel=\"noreferrer noopener\">https:\/\/onetreeplanted.org<\/a> &nbsp;<\/td><\/tr><tr><td><strong>Selvas Comunes<\/strong> <\/td><td><strong>1 \u20ac<\/strong><\/td><td><strong>Referirse a la argumentaci\u00f3n encima<\/strong><\/td><td>&nbsp;<\/td><\/tr><tr><td>Forest and Life \/ Kinom\u00e9<\/td><td>1,5 a 2,1\u20ac<\/td><td>Seg\u00fan proyecto<\/td><td><a href=\"https:\/\/kinome.fr\/es\/forestlife\/\" data-type=\"URL\" data-id=\"https:\/\/kinome.fr\/es\/forestlife\/\" target=\"_blank\" rel=\"noreferrer noopener\">&nbsp;https:\/\/kinome.fr\/es\/forestlife\/<\/a><\/td><\/tr><tr><td>Reforestaction<\/td><td>3\u20ac<\/td><td>Incluye el monitoreo del vivero durante 5 a\u00f1os &nbsp;<\/td><td><a href=\"https:\/\/www.reforestaction.com\/foire-aux-questions\" target=\"_blank\" rel=\"noreferrer noopener\">https:\/\/www.reforestaction.com\/foire-aux-questions<\/a> &nbsp;<\/td><\/tr><tr><td>Pur projet<\/td><td>5 a 12\u20ac<\/td><td>5\u20ac\/\u00e1rbol en el extranjero, 12\u20ac en Francia.<\/td><td><a href=\"https:\/\/purprojet.shop\/fr\/home\">https:\/\/pur<\/a><a href=\"https:\/\/purprojet.shop\/fr\/home\" target=\"_blank\" rel=\"noreferrer noopener\">p<\/a><a href=\"https:\/\/purprojet.shop\/fr\/home\">rojet.shop\/fr\/home<\/a> &nbsp;<\/td><\/tr><tr><td>Coeur de For\u00eat &nbsp;<\/td><td>15\u20ac<\/td><td>Apadrinar un \u00e1rbol parece financiar un conjunto incluyendo plantas medicinales, huerta org\u00e1nica, farmac\u00eda comunitaria etc (6 elementos)<\/td><td><a href=\"https:\/\/www.coeurdeforet.com\/adopterunarbre\" target=\"_blank\" rel=\"noreferrer noopener\">https:\/\/www.coeurdeforet.com\/adopterunarbre<\/a> &nbsp;<\/td><\/tr><\/tbody><\/table><\/figure>\n\n\n\n<div style=\"height:20px\" aria-hidden=\"true\" class=\"wp-block-spacer\"><\/div>\n\n\n\n<h3><strong>Tabla 3<\/strong> : <strong>\u00e1rboles necesarios por tonelada de CO2<\/strong><\/h3>\n\n\n\n<figure class=\"wp-block-table\"><table class=\"has-subtle-pale-blue-background-color has-background\"><thead><tr><th><span class=\"has-inline-color has-vivid-green-cyan-color\">Organisaci\u00f3n<\/span><\/th><th><span class=\"has-inline-color has-vivid-green-cyan-color\">Arboles por TeqCO2<\/span><\/th><th><span class=\"has-inline-color has-vivid-green-cyan-color\">CO2\/\u00e1rbol<\/span><\/th><th><span class=\"has-inline-color has-vivid-green-cyan-color\">Duraci\u00f3n requerida<\/span><\/th><th><span class=\"has-inline-color has-vivid-green-cyan-color\">Observaciones<\/span><\/th><th><span class=\"has-inline-color has-vivid-green-cyan-color\">Referencias<\/span><\/th><\/tr><\/thead><tbody><tr><td>Carbonify.com baseado en Trees for the Future<\/td><td>5<\/td><td>23 kg\/a\u00f1o<\/td><td>40 a\u00f1os<\/td><td>Arboles tropicales. Se estima que cada \u00e1rbol almacenar\u00e1 aproximadamente una tonelada en 40 a\u00f1os PERO que apenas 20% de los \u00e1rboles llegar\u00e1n a los 40 a\u00f1os.<\/td><td><a href=\"http:\/\/www.carbonify.com\/carbon-calculator.htm\" target=\"_blank\" rel=\"noreferrer noopener\">http:\/\/www.carbonify.com\/carbon-calculator.htm<\/a><\/td><\/tr><tr><td>Festival 1 million d\u2019arbres Seg\u00fan ADEME<\/td><td>6,67<\/td><td>150 kg<\/td><td>50 a\u00f1os seg\u00fan el est\u00e1ndar?<\/td><td><em>El \u00edndice muy bajo CO2\/\u00e1rbol incluye necesariamente estimaciones de la duraci\u00f3n de vida y del \u00edndice de supervivencia. Se supone que se basea en el total sembrado en el a\u00f1o 0, al cual se aplican los \u00edndices y duraciones correspondientes.<\/em><\/td><td><a href=\"https:\/\/www.festival1milliondarbres.com\/benefices-d-1million-d-arbres\/\" target=\"_blank\" rel=\"noreferrer noopener\">https:\/\/www.festival1milliondarbres.com\/benefices-d-1million-d-arbres\/<\/a><\/td><\/tr><tr><td>Reforestaction<\/td><td>6,67<\/td><td>150 kg<\/td><td>50 a\u00f1os seg\u00fan el est\u00e1ndar<\/td><td>CO2 etiquetado Gold Standard. <em>Misma observaci\u00f3n: el \u00edndice CO2\/\u00e1rbol est\u00e1 muy bajo, seg\u00fan ADEME encima.<\/em><\/td><td><a href=\"https:\/\/www.reforestaction.com\/foire-aux-questions\" target=\"_blank\" rel=\"noreferrer noopener\">https:\/\/www.reforestaction.com\/foire-aux-questions<\/a> &nbsp;<\/td><\/tr><tr><td>OneTreePlanted<\/td><td>1 a 45..&nbsp;??<\/td><td>22 kg\/a\u00f1o<\/td><td>1 a\u00f1o<\/td><td>Por un \u00e1rbol maduro en 1 a\u00f1o <em>&#8212; sin m\u00e1s informaci\u00f3n &#8212;<\/em><\/td><td><a href=\"https:\/\/onetreeplanted.org\/blogs\/news\/trees-climate-change-reforestation\" target=\"_blank\" rel=\"noreferrer noopener\">https:\/\/onetreeplanted.org\/blogs\/news\/trees-climate-change-reforestation<\/a><\/td><\/tr><tr><td><strong>Selvas Comunes<\/strong><\/td><td>20<\/td><td>15 kg\/a\u00f1o<\/td><td>50 a\u00f1os<\/td><td><strong>Nuestra evaluaci\u00f3n quiere ser muy prudente, considerando que dificilmente se puede &#8220;garantizar&#8221; el futuro de un \u00e1rbol. \u00cdndice m\u00ednimo de supervivencia de nuestros \u00e1rboles a los 50 a\u00f1os: 10%. 20 \u00e1rboles sembrados permiten m\u00edn. 2 \u00e1rboles x 15 kg x 50 a\u00f1os = 1500 kg CO2 almacenados.<\/strong><\/td><td>&nbsp;<\/td><\/tr><tr><td>Agencia para la Protecci\u00f3n del Medio Ambiente de los Estados Unidos (EPA)<\/td><td>58 &nbsp;<\/td><td>17kg\/10 a\u00f1os&nbsp;<\/td><td>10 a\u00f1os&nbsp;<\/td><td><br>Ac\u00e1 se hace <strong>\u00fanicamente en base a los 10 primeros a\u00f1os<\/strong> (=sin tener en cuenta el carbono almacenado posteriormente), por \u00e1rboles j\u00f3venes y urbanos representando una mezcla de con\u00edferas y planifolios, sembrados con un a\u00f1o de edad y sobreviviendo en 59% al cabo de los 10 a\u00f1os.<\/td><td><a href=\"https:\/\/www.epa.gov\/energy\/greenhouse-gases-equivalencies-calculator-calculations-and-references\" target=\"_blank\" rel=\"noreferrer noopener\">https:\/\/www.epa.gov\/energy\/greenhouse-gases-equivalencies-calculator-calculations-and-references<\/a> &nbsp;<\/td><\/tr><tr><td>Trees for the Future &nbsp;<\/td><td>63 &nbsp;<\/td><td>15 kg\/a\u00f1o<\/td><td>1 a\u00f1o<\/td><td>Este c\u00e1lculo parece pensado para <em>absorbar todo<\/em> en 1 a\u00f1o. 63 \u00e1rboles x 15,7 kg\/a\u00f1o = 1000 kg\/a\u00f1o. \u00bfNo se considera el \u00edndice de supervivencia?<\/td><td><a href=\"https:\/\/www.tfaforms.com\/4666774\" target=\"_blank\" rel=\"noreferrer noopener\">https:\/\/www.tfaforms.com\/4666774<\/a><\/td><\/tr><\/tbody><\/table><\/figure>\n\n\n\n<p><\/p>\n<\/div><\/section>\n\n\n\n<p><\/p>\n","protected":false},"excerpt":{"rendered":"","protected":false},"author":8,"featured_media":0,"parent":0,"menu_order":0,"comment_status":"closed","ping_status":"closed","template":"","meta":{"_uag_custom_page_level_css":"","site-sidebar-layout":"default","site-content-layout":"page-builder","ast-site-content-layout":"full-width-container","site-content-style":"unboxed","site-sidebar-style":"unboxed","ast-global-header-display":"","ast-banner-title-visibility":"","ast-main-header-display":"","ast-hfb-above-header-display":"","ast-hfb-below-header-display":"","ast-hfb-mobile-header-display":"","site-post-title":"disabled","ast-breadcrumbs-content":"","ast-featured-img":"","footer-sml-layout":"","theme-transparent-header-meta":"default","adv-header-id-meta":"","stick-header-meta":"","header-above-stick-meta":"","header-main-stick-meta":"","header-below-stick-meta":"","astra-migrate-meta-layouts":"set","ast-page-background-enabled":"default","ast-page-background-meta":{"desktop":{"background-color":"var(--ast-global-color-4)","background-image":"","background-repeat":"repeat","background-position":"center center","background-size":"auto","background-attachment":"scroll","background-type":"","background-media":"","overlay-type":"","overlay-color":"","overlay-opacity":"","overlay-gradient":""},"tablet":{"background-color":"","background-image":"","background-repeat":"repeat","background-position":"center center","background-size":"auto","background-attachment":"scroll","background-type":"","background-media":"","overlay-type":"","overlay-color":"","overlay-opacity":"","overlay-gradient":""},"mobile":{"background-color":"","background-image":"","background-repeat":"repeat","background-position":"center center","background-size":"auto","background-attachment":"scroll","background-type":"","background-media":"","overlay-type":"","overlay-color":"","overlay-opacity":"","overlay-gradient":""}},"ast-content-background-meta":{"desktop":{"background-color":"var(--ast-global-color-5)","background-image":"","background-repeat":"repeat","background-position":"center center","background-size":"auto","background-attachment":"scroll","background-type":"","background-media":"","overlay-type":"","overlay-color":"","overlay-opacity":"","overlay-gradient":""},"tablet":{"background-color":"var(--ast-global-color-5)","background-image":"","background-repeat":"repeat","background-position":"center center","background-size":"auto","background-attachment":"scroll","background-type":"","background-media":"","overlay-type":"","overlay-color":"","overlay-opacity":"","overlay-gradient":""},"mobile":{"background-color":"var(--ast-global-color-5)","background-image":"","background-repeat":"repeat","background-position":"center center","background-size":"auto","background-attachment":"scroll","background-type":"","background-media":"","overlay-type":"","overlay-color":"","overlay-opacity":"","overlay-gradient":""}}},"uagb_featured_image_src":{"full":false,"thumbnail":false,"medium":false,"medium_large":false,"large":false,"1536x1536":false,"2048x2048":false},"uagb_author_info":{"display_name":"Membre For\u00eats Communes","author_link":"https:\/\/biomimicry.eu\/forets\/author\/membreforets\/"},"uagb_comment_info":0,"uagb_excerpt":null,"_links":{"self":[{"href":"https:\/\/biomimicry.eu\/forets\/wp-json\/wp\/v2\/pages\/6408"}],"collection":[{"href":"https:\/\/biomimicry.eu\/forets\/wp-json\/wp\/v2\/pages"}],"about":[{"href":"https:\/\/biomimicry.eu\/forets\/wp-json\/wp\/v2\/types\/page"}],"author":[{"embeddable":true,"href":"https:\/\/biomimicry.eu\/forets\/wp-json\/wp\/v2\/users\/8"}],"replies":[{"embeddable":true,"href":"https:\/\/biomimicry.eu\/forets\/wp-json\/wp\/v2\/comments?post=6408"}],"version-history":[{"count":35,"href":"https:\/\/biomimicry.eu\/forets\/wp-json\/wp\/v2\/pages\/6408\/revisions"}],"predecessor-version":[{"id":7031,"href":"https:\/\/biomimicry.eu\/forets\/wp-json\/wp\/v2\/pages\/6408\/revisions\/7031"}],"wp:attachment":[{"href":"https:\/\/biomimicry.eu\/forets\/wp-json\/wp\/v2\/media?parent=6408"}],"curies":[{"name":"wp","href":"https:\/\/api.w.org\/{rel}","templated":true}]}}